{"id":276,"date":"2018-03-01T12:06:27","date_gmt":"2018-03-01T10:06:27","guid":{"rendered":"http:\/\/ayuntamientodeubeda.com\/fondosfeder\/?page_id=276"},"modified":"2022-01-10T14:35:46","modified_gmt":"2022-01-10T13:35:46","slug":"manual-antifraude","status":"publish","type":"page","link":"http:\/\/ayuntamientodeubeda.com\/fondosfeder\/manual-antifraude\/","title":{"rendered":"Plan Antifraude"},"content":{"rendered":"<p>[et_pb_section fb_built=\u00bb1&#8243; admin_label=\u00bbsection\u00bb _builder_version=\u00bb3.0.47&#8243;][et_pb_row _builder_version=\u00bb3.19.15&#8243;][et_pb_column type=\u00bb3_5&#8243; _builder_version=\u00bb3.19.15&#8243;][et_pb_blurb title=\u00bbPlan Antifraude\u00bb _builder_version=\u00bb3.19.15&#8243;]<\/p>\n<div style=\"text-align: justify;\">El Ayuntamiento de \u00dabeda est\u00e1 comprometido en el desarrollo de una cultura \u00e9tica que apoye un c\u00edrculo virtuoso y proactivo cuya finalidad no es otra que la de reducir las posibilidades de actuar indebidamente.<\/div>\n<div><\/div>\n<div style=\"text-align: justify;\">En este sentido el Ayuntamiento de \u00dabeda considera necesario e imprescindible la adopci\u00f3n de planteamientos proactivos, estructurales y espec\u00edficos para gestionar el riesgo de fraude.<\/div>\n<div><\/div>\n<div style=\"text-align: justify;\"><\/div>\n<div style=\"text-align: justify;\">Para ello el Ayuntamiento de \u00dabeda establecer\u00e1 una pol\u00edtica de tolerancia cero con el fraude y adoptar\u00e1 una actitud contundente en este sentido, comunicando un mensaje claro a los posibles defraudadores a trav\u00e9s de la adopci\u00f3n de la actitud y la aprobaci\u00f3n de una declaraci\u00f3n institucional de lucha contra el fraude con la intenci\u00f3n de conseguir una efectiva pol\u00edtica de lucha contra el frau<span style=\"font-family: verdana, sans-serif;\">de<\/span><\/div>\n<p>[\/et_pb_blurb][\/et_pb_column][et_pb_column type=\u00bb2_5&#8243; _builder_version=\u00bb3.19.15&#8243;][et_pb_text disabled_on=\u00bbon|on|on\u00bb _builder_version=\u00bb3.19.15&#8243; disabled=\u00bbon\u00bb]<\/p>\n<p style=\"text-align: justify;\">Les dejamos un enlace al formulario de la <strong>Intervenci\u00f3n General de la Administraci\u00f3n del Estado<\/strong>:<\/p>\n<p>[\/et_pb_text][et_pb_button button_url=\u00bbhttps:\/\/www.igae.pap.hacienda.gob.es\/sitios\/igae\/es-ES\/Paginas\/denan.aspx\u00bb button_text=\u00bbCanal de denuncias abierto\u00bb button_alignment=\u00bbcenter\u00bb disabled_on=\u00bbon|on|on\u00bb _builder_version=\u00bb3.19.15&#8243; custom_button=\u00bbon\u00bb button_text_color=\u00bb#ffffff\u00bb button_bg_color=\u00bb#000000&#8243; button_font=\u00bb||||||||\u00bb disabled=\u00bbon\u00bb][\/et_pb_button][et_pb_text _builder_version=\u00bb3.19.15&#8243;]<\/p>\n<h2 style=\"margin: 0px; padding: 0px; font-size: 20px; color: #000000; background-color: #efeded; text-align: justify;\">Comunicaci\u00f3n de informaci\u00f3n sobre fraudes o irregularidades<\/h2>\n<div class=\"gmail_default\" style=\"text-align: justify;\"><span style=\"font-family: verdana, sans-serif;\"><span style=\"color: #737f85;\">Salvo cuando la persona que comunique la informaci\u00f3n solicite expresamente lo contrario, tanto el Servicio Nacional de Coordinaci\u00f3n Antifraude, como esta Entidad Local, guardar\u00e1n total confidencialidad respecto a su identidad, de forma que la misma no ser\u00e1 revelada a persona alguna.<\/span><\/span><\/div>\n<div class=\"gmail_default\" style=\"font-family: verdana,sans-serif;\"><\/div>\n<div class=\"gmail_default\" style=\"font-family: verdana, sans-serif; text-align: justify;\"><strong>Respecto a la Descripci\u00f3n de la Acusaci\u00f3n:<\/strong><\/div>\n<p style=\"text-align: justify;\">S\u00edrvase describir los hechos de forma objetiva. Intente ser preciso en su declaraci\u00f3n y, a ser posible, incluya informaci\u00f3n\u00a0 comprobable, como la siguiente: referencia del proyecto, importes, fechas y si ya ha denunciado usted este fraude o irregularidad a otras autoridades.<\/p>\n<p>[\/et_pb_text][et_pb_contact_form captcha=\u00bboff\u00bb email=\u00bboficinatecnicaedusi@ubeda.es\u00bb _builder_version=\u00bb3.19.15&#8243;][et_pb_contact_field field_id=\u00bbNombre\u00bb field_title=\u00bbNombre\u00bb _builder_version=\u00bb3.19.15&#8243; border_radii=\u00bbon||||\u00bb button_text_size__hover_enabled=\u00bboff\u00bb button_one_text_size__hover_enabled=\u00bboff\u00bb button_two_text_size__hover_enabled=\u00bboff\u00bb button_text_color__hover_enabled=\u00bboff\u00bb button_one_text_color__hover_enabled=\u00bboff\u00bb button_two_text_color__hover_enabled=\u00bboff\u00bb button_border_width__hover_enabled=\u00bboff\u00bb button_one_border_width__hover_enabled=\u00bboff\u00bb button_two_border_width__hover_enabled=\u00bboff\u00bb button_border_color__hover_enabled=\u00bboff\u00bb button_one_border_color__hover_enabled=\u00bboff\u00bb button_two_border_color__hover_enabled=\u00bboff\u00bb button_border_radius__hover_enabled=\u00bboff\u00bb button_one_border_radius__hover_enabled=\u00bboff\u00bb button_two_border_radius__hover_enabled=\u00bboff\u00bb button_letter_spacing__hover_enabled=\u00bboff\u00bb button_one_letter_spacing__hover_enabled=\u00bboff\u00bb button_two_letter_spacing__hover_enabled=\u00bboff\u00bb button_bg_color__hover_enabled=\u00bboff\u00bb button_one_bg_color__hover_enabled=\u00bboff\u00bb button_two_bg_color__hover_enabled=\u00bboff\u00bb][\/et_pb_contact_field][et_pb_contact_field field_id=\u00bbEmail\u00bb field_title=\u00bbDirecci\u00f3n de correo electr\u00f3nico\u00bb field_type=\u00bbemail\u00bb _builder_version=\u00bb3.19.15&#8243; border_radii=\u00bbon||||\u00bb button_text_size__hover_enabled=\u00bboff\u00bb button_one_text_size__hover_enabled=\u00bboff\u00bb button_two_text_size__hover_enabled=\u00bboff\u00bb button_text_color__hover_enabled=\u00bboff\u00bb button_one_text_color__hover_enabled=\u00bboff\u00bb button_two_text_color__hover_enabled=\u00bboff\u00bb button_border_width__hover_enabled=\u00bboff\u00bb button_one_border_width__hover_enabled=\u00bboff\u00bb button_two_border_width__hover_enabled=\u00bboff\u00bb button_border_color__hover_enabled=\u00bboff\u00bb button_one_border_color__hover_enabled=\u00bboff\u00bb button_two_border_color__hover_enabled=\u00bboff\u00bb button_border_radius__hover_enabled=\u00bboff\u00bb button_one_border_radius__hover_enabled=\u00bboff\u00bb button_two_border_radius__hover_enabled=\u00bboff\u00bb button_letter_spacing__hover_enabled=\u00bboff\u00bb button_one_letter_spacing__hover_enabled=\u00bboff\u00bb button_two_letter_spacing__hover_enabled=\u00bboff\u00bb button_bg_color__hover_enabled=\u00bboff\u00bb button_one_bg_color__hover_enabled=\u00bboff\u00bb button_two_bg_color__hover_enabled=\u00bboff\u00bb][\/et_pb_contact_field][et_pb_contact_field field_id=\u00bbAsunto\u00bb field_title=\u00bbAsunto o Tema\u00bb fullwidth_field=\u00bbon\u00bb _builder_version=\u00bb3.19.15&#8243;][\/et_pb_contact_field][et_pb_contact_field field_id=\u00bbMensaje\u00bb field_title=\u00bbDescripci\u00f3n de la Acusaci\u00f3n\u00bb field_type=\u00bbtext\u00bb fullwidth_field=\u00bbon\u00bb _builder_version=\u00bb3.19.15&#8243; border_radii=\u00bbon||||\u00bb button_text_size__hover_enabled=\u00bboff\u00bb button_one_text_size__hover_enabled=\u00bboff\u00bb button_two_text_size__hover_enabled=\u00bboff\u00bb button_text_color__hover_enabled=\u00bboff\u00bb button_one_text_color__hover_enabled=\u00bboff\u00bb button_two_text_color__hover_enabled=\u00bboff\u00bb button_border_width__hover_enabled=\u00bboff\u00bb button_one_border_width__hover_enabled=\u00bboff\u00bb button_two_border_width__hover_enabled=\u00bboff\u00bb button_border_color__hover_enabled=\u00bboff\u00bb button_one_border_color__hover_enabled=\u00bboff\u00bb button_two_border_color__hover_enabled=\u00bboff\u00bb button_border_radius__hover_enabled=\u00bboff\u00bb button_one_border_radius__hover_enabled=\u00bboff\u00bb button_two_border_radius__hover_enabled=\u00bboff\u00bb button_letter_spacing__hover_enabled=\u00bboff\u00bb button_one_letter_spacing__hover_enabled=\u00bboff\u00bb button_two_letter_spacing__hover_enabled=\u00bboff\u00bb button_bg_color__hover_enabled=\u00bboff\u00bb button_one_bg_color__hover_enabled=\u00bboff\u00bb button_two_bg_color__hover_enabled=\u00bboff\u00bb][\/et_pb_contact_field][et_pb_contact_field field_id=\u00bbProtecci\u00f3n\u00bb field_title=\u00bbCon car\u00e1cter previo a la remisi\u00f3n de informaci\u00f3n puede plantear las dudas y preguntas que estime oportuno a la siguiente direcci\u00f3n de correo electr\u00f3nico: oficinatecnicaedusi@ubeda.es.  No se dar\u00e1 curso a la informaci\u00f3n recibida cuando la escasez de la informaci\u00f3n remitida, la descripci\u00f3n excesivamente gen\u00e9rica e inconcreta de los hechos o la falta de elementos de prueba suministrados no permitan realizar una verificaci\u00f3n razonable de la informaci\u00f3n recibida y una determinaci\u00f3n m\u00ednima del tratamiento que deba darse a los hechos comunicados.\u00bb field_type=\u00bbradio\u00bb fullwidth_field=\u00bbon\u00bb _builder_version=\u00bb3.19.15&#8243; radio_options=\u00bb%91{%22value%22:%22He leido y acepto las condiciones de Protecci\u00f3n de Datos.%22,%22checked%22:0,%22dragID%22:-1}%93&#8243;][\/et_pb_contact_field][\/et_pb_contact_form][\/et_pb_column][\/et_pb_row][et_pb_row admin_label=\u00bbrow\u00bb _builder_version=\u00bb3.0.48&#8243; background_size=\u00bbinitial\u00bb background_position=\u00bbtop_left\u00bb background_repeat=\u00bbrepeat\u00bb][et_pb_column type=\u00bb1_3&#8243; _builder_version=\u00bb3.0.47&#8243;][et_pb_image src=\u00bbhttp:\/\/ayuntamientodeubeda.com\/fondosfeder\/wp-content\/uploads\/2018\/03\/laptop-3196481_640.jpg\u00bb alt=\u00bbManual Antifraude\u00bb title_text=\u00bbResumen Ejercicio de Autoevaluaci\u00f3n de Riesgo de Fraude\u00bb url=\u00bbhttps:\/\/es.scribd.com\/document\/373099203\/Resumen-Ejercicio-Autoevalucion-Riesgo-de-Fraude\u00bb admin_label=\u00bbImagen\u00bb _builder_version=\u00bb3.0.87&#8243; animation_style=\u00bbslide\u00bb animation_direction=\u00bbleft\u00bb animation_duration=\u00bb500ms\u00bb animation_intensity_slide=\u00bb10%\u00bb use_border_color=\u00bboff\u00bb border_color=\u00bb#ffffff\u00bb border_style=\u00bbsolid\u00bb animation=\u00bbleft\u00bb sticky=\u00bboff\u00bb] [\/et_pb_image][et_pb_blurb title=\u00bbResumen Ejercicio de Autoevaluaci\u00f3n del Riesgo de Fraude\u00bb admin_label=\u00bbAnuncio\u00bb _builder_version=\u00bb3.0.87&#8243; background_size=\u00bbinitial\u00bb background_position=\u00bbtop_left\u00bb background_repeat=\u00bbrepeat\u00bb use_border_color=\u00bboff\u00bb border_color=\u00bb#ffffff\u00bb border_style=\u00bbsolid\u00bb] [\/et_pb_blurb][\/et_pb_column][et_pb_column type=\u00bb1_3&#8243; _builder_version=\u00bb3.0.47&#8243;][et_pb_image src=\u00bbhttp:\/\/ayuntamientodeubeda.com\/fondosfeder\/wp-content\/uploads\/2018\/03\/technology-3167297_640.jpg\u00bb alt=\u00bbHerramienta Antifraude\u00bb title_text=\u00bbHerramienta Antifraude\u00bb url=\u00bbhttps:\/\/es.scribd.com\/document\/373099172\/Herramienta-Antifraude\u00bb admin_label=\u00bbImagen\u00bb _builder_version=\u00bb3.0.87&#8243; animation_style=\u00bbslide\u00bb animation_direction=\u00bbleft\u00bb animation_duration=\u00bb500ms\u00bb animation_intensity_slide=\u00bb10%\u00bb use_border_color=\u00bboff\u00bb border_color=\u00bb#ffffff\u00bb border_style=\u00bbsolid\u00bb animation=\u00bbleft\u00bb sticky=\u00bboff\u00bb] [\/et_pb_image][et_pb_blurb title=\u00bbHerramienta Antifraude\u00bb admin_label=\u00bbAnuncio\u00bb _builder_version=\u00bb3.0.87&#8243; background_size=\u00bbinitial\u00bb background_position=\u00bbtop_left\u00bb background_repeat=\u00bbrepeat\u00bb use_border_color=\u00bboff\u00bb border_color=\u00bb#ffffff\u00bb border_style=\u00bbsolid\u00bb] [\/et_pb_blurb][\/et_pb_column][et_pb_column type=\u00bb1_3&#8243; _builder_version=\u00bb3.0.47&#8243;][et_pb_image src=\u00bbhttp:\/\/ayuntamientodeubeda.com\/fondosfeder\/wp-content\/uploads\/2018\/03\/document-428331_640.jpg\u00bb alt=\u00bbResoluci\u00f3n de Alcald\u00eda\u00bb title_text=\u00bbResoluci\u00f3n de Alcald\u00eda\u00bb url=\u00bbhttps:\/\/es.scribd.com\/document\/373099150\/Resolucion-de-Alcaldia\u00bb admin_label=\u00bbImagen\u00bb _builder_version=\u00bb3.0.87&#8243; animation_style=\u00bbslide\u00bb animation_direction=\u00bbleft\u00bb animation_duration=\u00bb500ms\u00bb animation_intensity_slide=\u00bb10%\u00bb use_border_color=\u00bboff\u00bb border_color=\u00bb#ffffff\u00bb border_style=\u00bbsolid\u00bb animation=\u00bbleft\u00bb sticky=\u00bboff\u00bb] [\/et_pb_image][et_pb_blurb title=\u00bbResoluci\u00f3n de Alcald\u00eda\u00bb admin_label=\u00bbAnuncio\u00bb _builder_version=\u00bb3.0.87&#8243; background_size=\u00bbinitial\u00bb background_position=\u00bbtop_left\u00bb background_repeat=\u00bbrepeat\u00bb use_border_color=\u00bboff\u00bb border_color=\u00bb#ffffff\u00bb border_style=\u00bbsolid\u00bb] [\/et_pb_blurb][\/et_pb_column][\/et_pb_row][\/et_pb_section][et_pb_section fb_built=\u00bb1&#8243; _builder_version=\u00bb3.19.15&#8243;][\/et_pb_section][et_pb_section fb_built=\u00bb1&#8243; custom_padding_last_edited=\u00bbon|desktop\u00bb admin_label=\u00bbsection\u00bb _builder_version=\u00bb3.0.74&#8243; custom_padding_tablet=\u00bb50px|0|50px|0&#8243; transparent_background=\u00bboff\u00bb padding_mobile=\u00bboff\u00bb global_module=\u00bb163&#8243;][et_pb_row admin_label=\u00bbrow\u00bb _builder_version=\u00bb3.0.48&#8243; background_size=\u00bbinitial\u00bb background_position=\u00bbtop_left\u00bb background_repeat=\u00bbrepeat\u00bb][et_pb_column type=\u00bb1_3&#8243; _builder_version=\u00bb3.0.47&#8243;][et_pb_image src=\u00bbhttp:\/\/ayuntamientodeubeda.com\/fondosfeder\/wp-content\/uploads\/2017\/06\/UE.png\u00bb url=\u00bbhttps:\/\/europa.eu\/european-union\/index_es\u00bb url_new_window=\u00bbon\u00bb align=\u00bbcenter\u00bb admin_label=\u00bbImagen\u00bb _builder_version=\u00bb3.0.87&#8243; animation_style=\u00bbfade\u00bb animation_duration=\u00bb500ms\u00bb use_border_color=\u00bboff\u00bb border_color=\u00bb#ffffff\u00bb border_style=\u00bbsolid\u00bb animation=\u00bbfade_in\u00bb sticky=\u00bboff\u00bb][\/et_pb_image][\/et_pb_column][et_pb_column type=\u00bb1_3&#8243; _builder_version=\u00bb3.0.47&#8243;][et_pb_image src=\u00bbhttp:\/\/ayuntamientodeubeda.com\/fondosfeder\/wp-content\/uploads\/2017\/06\/FONDO-EUROPEO-Una-manera.png\u00bb url=\u00bbhttp:\/\/ec.europa.eu\/regional_policy\/es\/funding\/erdf\/\u00bb align=\u00bbcenter\u00bb admin_label=\u00bbImagen\u00bb _builder_version=\u00bb3.0.87&#8243; animation_style=\u00bbslide\u00bb animation_direction=\u00bbleft\u00bb animation_duration=\u00bb500ms\u00bb animation_intensity_slide=\u00bb10%\u00bb use_border_color=\u00bboff\u00bb border_color=\u00bb#ffffff\u00bb border_style=\u00bbsolid\u00bb animation=\u00bbleft\u00bb sticky=\u00bboff\u00bb][\/et_pb_image][\/et_pb_column][et_pb_column type=\u00bb1_3&#8243; _builder_version=\u00bb3.0.47&#8243;][et_pb_image src=\u00bbhttp:\/\/ayuntamientodeubeda.com\/fondosfeder\/wp-content\/uploads\/2017\/06\/1-logo-minHFP-e1493286896290.png\u00bb url=\u00bbhttp:\/\/ec.europa.eu\/regional_policy\/es\/funding\/erdf\/\u00bb admin_label=\u00bbImagen\u00bb _builder_version=\u00bb3.0.87&#8243; animation_style=\u00bbslide\u00bb animation_direction=\u00bbleft\u00bb animation_duration=\u00bb500ms\u00bb animation_intensity_slide=\u00bb10%\u00bb use_border_color=\u00bboff\u00bb border_color=\u00bb#ffffff\u00bb border_style=\u00bbsolid\u00bb animation=\u00bbleft\u00bb sticky=\u00bboff\u00bb][\/et_pb_image][\/et_pb_column][\/et_pb_row][\/et_pb_section]<\/p>\n ","protected":false},"excerpt":{"rendered":"<p>El Ayuntamiento de \u00dabeda est\u00e1 comprometido en el desarrollo de una cultura \u00e9tica que apoye un c\u00edrculo virtuoso y proactivo cuya finalidad no es otra que la de reducir las posibilidades de actuar indebidamente. En este sentido el Ayuntamiento de \u00dabeda considera necesario e imprescindible la adopci\u00f3n de planteamientos proactivos, estructurales y espec\u00edficos para gestionar [&hellip;]<\/p>\n","protected":false},"author":1,"featured_media":0,"parent":0,"menu_order":0,"comment_status":"closed","ping_status":"closed","template":"","meta":{"_et_pb_use_builder":"on","_et_pb_old_content":"","_et_gb_content_width":"","footnotes":""},"class_list":["post-276","page","type-page","status-publish","hentry"],"_links":{"self":[{"href":"http:\/\/ayuntamientodeubeda.com\/fondosfeder\/wp-json\/wp\/v2\/pages\/276"}],"collection":[{"href":"http:\/\/ayuntamientodeubeda.com\/fondosfeder\/wp-json\/wp\/v2\/pages"}],"about":[{"href":"http:\/\/ayuntamientodeubeda.com\/fondosfeder\/wp-json\/wp\/v2\/types\/page"}],"author":[{"embeddable":true,"href":"http:\/\/ayuntamientodeubeda.com\/fondosfeder\/wp-json\/wp\/v2\/users\/1"}],"replies":[{"embeddable":true,"href":"http:\/\/ayuntamientodeubeda.com\/fondosfeder\/wp-json\/wp\/v2\/comments?post=276"}],"version-history":[{"count":22,"href":"http:\/\/ayuntamientodeubeda.com\/fondosfeder\/wp-json\/wp\/v2\/pages\/276\/revisions"}],"predecessor-version":[{"id":1081,"href":"http:\/\/ayuntamientodeubeda.com\/fondosfeder\/wp-json\/wp\/v2\/pages\/276\/revisions\/1081"}],"wp:attachment":[{"href":"http:\/\/ayuntamientodeubeda.com\/fondosfeder\/wp-json\/wp\/v2\/media?parent=276"}],"curies":[{"name":"wp","href":"https:\/\/api.w.org\/{rel}","templated":true}]}}