{"id":73,"date":"2017-06-20T13:53:52","date_gmt":"2017-06-20T11:53:52","guid":{"rendered":"http:\/\/ayuntamientodeubeda.com\/fondosfeder\/?page_id=73"},"modified":"2019-02-18T18:58:08","modified_gmt":"2019-02-18T16:58:08","slug":"politica-de-cohesion","status":"publish","type":"page","link":"http:\/\/ayuntamientodeubeda.com\/fondosfeder\/politica-de-cohesion\/","title":{"rendered":"Pol\u00edtica de Cohesi\u00f3n"},"content":{"rendered":"<p>[et_pb_section admin_label=\u00bbsection\u00bb][et_pb_row admin_label=\u00bbrow\u00bb][et_pb_column type=\u00bb4_4&#8243;][et_pb_accordion admin_label=\u00bbAcorde\u00f3n\u00bb use_border_color=\u00bboff\u00bb border_color=\u00bb#ffffff\u00bb border_style=\u00bbsolid\u00bb] [et_pb_accordion_item title=\u00bbPrograma Operativo de Crecimiento Sostenible de la Uni\u00f3n Europea\u00bb]<\/p>\n<p>La <strong>Uni\u00f3n Europea<\/strong> debe afrontar en este nuevo periodo de programaci\u00f3n (2014 \u2013 2020) el dif\u00edcil reto de salir de la crisis y volver a encarrilar sus econom\u00edas por la senda del crecimiento sostenible. Esta estrategia de salida supone el restablecimiento de unas finanzas p\u00fablicas saneadas, reformas estructurales que mejoren el crecimiento, e inversiones espec\u00edficas para el crecimiento y el empleo.<\/p>\n<p>La <strong>Estrategia UE 2020<\/strong> define los objetivos de la <strong>Pol\u00edtica de Cohesi\u00f3n<\/strong> para este periodo. Se trata de una estrategia de crecimiento dirigida a lograr una econom\u00eda inteligente, sostenible e integradora. Estas tres prioridades, que se refuerzan mutuamente, contribuir\u00e1n a que la UE y sus Estados miembros generen altos niveles de empleo, productividad y cohesi\u00f3n social.<\/p>\n<p>A trav\u00e9s del Fondo Europeo de Desarrollo Regional (FEDER), del Fondo Social Europeo (FSE) y del Fondo de Cohesi\u00f3n (FC) (Espa\u00f1a no percibe Fondo de Cohesi\u00f3n en 2014-2020), se perseguir\u00e1n los siguientes objetivos:<\/p>\n<ul>\n<li>\u00abInversi\u00f3n en crecimiento y empleo\u00bb el apoyo de todos los Fondos y<\/li>\n<li>\u00abCooperaci\u00f3n territorial europea\u00bb, con el apoyo del FEDER.<\/li>\n<\/ul>\n<p>[\/et_pb_accordion_item][et_pb_accordion_item title=\u00bbLos Fondos del Marco Estrat\u00e9gico Com\u00fan (MEC)\u00bb]<\/p>\n<p>El <em>Fondo Europeo de Desarrollo Regional<\/em> (<strong>FEDER<\/strong>), el <em>Fondo Social Europeo<\/em> (<strong>FSE<\/strong>), el<em> Fondo Europeo Agr\u00edcola de Desarrollo Rural<\/em> (<strong>FEADER<\/strong>) y el <em>Fondo Europeo Mar\u00edtimo y de Pesca<\/em> (<strong>FEMP<\/strong>) persiguen objetivos de actuaci\u00f3n complementarios, y su gesti\u00f3n est\u00e1 compartida entre los Estados miembros y la Comisi\u00f3n.<\/p>\n<p>Son la principal fuente de inversi\u00f3n a escala de la UE para ayudar a los Estados miembros a restablecer y aumentar el crecimiento y garantizar una recuperaci\u00f3n que genere empleo, al tiempo que garantizan el desarrollo sostenible, en consonancia con los objetivos de la estrategia Europa 2020.<\/p>\n<p>El <em>Tratado de Funcionamiento de la Uni\u00f3n Europea<\/em> (<strong>TFUE<\/strong>) asigna objetivos claros a estos instrumentos. La Comisi\u00f3n considera que dichos objetivos pueden alcanzarse de forma m\u00e1s eficaz si los cinco Fondos est\u00e1n mejor coordinados a fin de evitar solapamientos y de optimizar las sinergias, si est\u00e1n plenamente integrados en la gobernanza econ\u00f3mica de la Uni\u00f3n Europea, y si contribuyen a la realizaci\u00f3n de la estrategia Europa 2020, involucrando a las partes interesadas nacionales, regionales y locales.<\/p>\n<p>La Comisi\u00f3n ha propuesto un reglamento \u00fanico para todos los <strong>Fondos del MEC<\/strong> para lograr:<\/p>\n<ul>\n<li>La concentraci\u00f3n de recursos en los objetivos de Europa 2020 a trav\u00e9s de un conjunto de objetivos tem\u00e1ticos comunes a los que contribuir\u00e1n los Fondos.<\/li>\n<li>La simplificaci\u00f3n mediante una planificaci\u00f3n y unos mecanismos de ejecuci\u00f3n m\u00e1s coherentes.<\/li>\n<li>Mayor atenci\u00f3n a los resultados a trav\u00e9s de un marco y una reserva de eficacia.<\/li>\n<li>La armonizaci\u00f3n de las normas de subvencionabilidad y una pr\u00f3rroga de opciones de costes simplificados para reducir la carga administrativa que pesa sobre los beneficiarios y las autoridades de gesti\u00f3n.<\/li>\n<\/ul>\n<p>[\/et_pb_accordion_item][et_pb_accordion_item title=\u00bbFEDER\u00bb]<\/p>\n<p>El <strong>FEDER<\/strong> contribuir\u00e1 a todos los objetivos tem\u00e1ticos y se centrar\u00e1 en \u00e1mbitos de inversi\u00f3n vinculados al contexto en el que act\u00faan las empresas (infraestructuras, empresas de servicios, apoyo a la actividad empresarial, innovaci\u00f3n, TIC e investigaci\u00f3n) y en la prestaci\u00f3n de servicios a los ciudadanos en determinados \u00e1mbitos (energ\u00eda, servicios en l\u00ednea, educaci\u00f3n, sanidad, infraestructuras sociales y de investigaci\u00f3n, accesibilidad, calidad del medio ambiente); el Fondo de Cohesi\u00f3n se centrar\u00e1 en la mejora del medio ambiente, el desarrollo sostenible y la RTE-T;<\/p>\n<p>[\/et_pb_accordion_item][et_pb_accordion_item title=\u00bbPROGRAMA OPERATIVO DE CRECIMIENTO SOSTENIBLE\u00bb]<\/p>\n<div id=\"main\" class=\"site-main\">\n<div class=\"full-container\">\n<div id=\"primary\" class=\"content-area\">\n<div id=\"content\" class=\"site-content\">\n<article id=\"post-147\" class=\"post-147 page type-page status-publish post\">\n<div class=\"entry-main\">\n<div class=\"entry-content\">\n<div id=\"pl-147\" class=\"panel-layout\">\n<div id=\"pg-147-1\" class=\"panel-grid panel-no-style\">\n<div id=\"pgc-147-1-0\" class=\"panel-grid-cell\">\n<div id=\"panel-147-1-0-0\" class=\"so-panel widget widget_sow-editor panel-first-child panel-last-child\" data-index=\"1\">\n<div class=\"so-widget-sow-editor so-widget-sow-editor-base\">\n<div class=\"siteorigin-widget-tinymce textwidget\">\n<p>El programa operativo de crecimiento sostenible de la Uni\u00f3n Europea se sostiene a trav\u00e9s de los mencionados anteriormente Fondos FEDER, una herramienta \u00fatil para cumplir con lo establecido en el reglamento europeo, esto es, que \u00a0los Estados Miembros (EEMM) han de velar porque:<\/p>\n<blockquote><p><em>en la preparaci\u00f3n y ejecuci\u00f3n de los programas se promuevan los requisitos de protecci\u00f3n medioambiental, la eficiencia de los recursos, la mitigaci\u00f3n del cambio clim\u00e1tico y la adaptaci\u00f3n al mismo, la biodiversidad, la capacidad de adaptaci\u00f3n frente a desastres y la prevenci\u00f3n y gesti\u00f3n de riesgos.<\/em><\/p><\/blockquote>\n<p>A trav\u00e9s del enfoque transversal, que quedar\u00e1 garantizado por el procedimiento de Evaluaci\u00f3n Ambiental Estrat\u00e9gica, y a trav\u00e9s de acciones espec\u00edficas: promoviendo, en la medida de lo posible, la presencia de medidas ambientales en las operaciones financiadas con cargo a estos fondos.<\/p>\n<p>En este marco se encuentran las <strong>EDUSI<\/strong> (<em>Estrategias de desarrollo urbano e integrado<\/em>)<\/p>\n<\/div>\n<\/div>\n<\/div>\n<\/div>\n<\/div>\n<\/div>\n<\/div>\n<\/div>\n<\/article>\n<\/div>\n<\/div>\n<div id=\"secondary\" class=\"widget-area\"><\/div>\n<\/div>\n<\/div>\n<p>[\/et_pb_accordion_item] [\/et_pb_accordion][\/et_pb_column][\/et_pb_row][\/et_pb_section][et_pb_section admin_label=\u00bbsection\u00bb global_module=\u00bb163&#8243; transparent_background=\u00bboff\u00bb allow_player_pause=\u00bboff\u00bb inner_shadow=\u00bboff\u00bb parallax=\u00bboff\u00bb parallax_method=\u00bboff\u00bb padding_mobile=\u00bboff\u00bb make_fullwidth=\u00bboff\u00bb use_custom_width=\u00bboff\u00bb width_unit=\u00bbon\u00bb make_equal=\u00bboff\u00bb use_custom_gutter=\u00bboff\u00bb][et_pb_row global_parent=\u00bb163&#8243; admin_label=\u00bbrow\u00bb][et_pb_column type=\u00bb1_3&#8243;][et_pb_image global_parent=\u00bb163&#8243; admin_label=\u00bbImagen\u00bb src=\u00bbhttp:\/\/ayuntamientodeubeda.com\/fondosfeder\/wp-content\/uploads\/2017\/06\/UE.png\u00bb show_in_lightbox=\u00bboff\u00bb url=\u00bbhttps:\/\/europa.eu\/european-union\/index_es\u00bb url_new_window=\u00bbon\u00bb use_overlay=\u00bboff\u00bb animation=\u00bbleft\u00bb sticky=\u00bboff\u00bb align=\u00bbleft\u00bb force_fullwidth=\u00bboff\u00bb always_center_on_mobile=\u00bbon\u00bb use_border_color=\u00bboff\u00bb border_color=\u00bb#ffffff\u00bb border_style=\u00bbsolid\u00bb] [\/et_pb_image][\/et_pb_column][et_pb_column type=\u00bb1_3&#8243;][et_pb_image global_parent=\u00bb163&#8243; admin_label=\u00bbImagen\u00bb src=\u00bbhttp:\/\/ayuntamientodeubeda.com\/fondosfeder\/wp-content\/uploads\/2017\/06\/FONDO-EUROPEO-Una-manera.png\u00bb show_in_lightbox=\u00bboff\u00bb url=\u00bbhttp:\/\/ec.europa.eu\/regional_policy\/es\/funding\/erdf\/\u00bb url_new_window=\u00bboff\u00bb use_overlay=\u00bboff\u00bb animation=\u00bbleft\u00bb sticky=\u00bboff\u00bb align=\u00bbleft\u00bb force_fullwidth=\u00bboff\u00bb always_center_on_mobile=\u00bbon\u00bb use_border_color=\u00bboff\u00bb border_color=\u00bb#ffffff\u00bb border_style=\u00bbsolid\u00bb] [\/et_pb_image][\/et_pb_column][et_pb_column type=\u00bb1_3&#8243;][et_pb_image global_parent=\u00bb163&#8243; admin_label=\u00bbImagen\u00bb src=\u00bbhttp:\/\/ayuntamientodeubeda.com\/fondosfeder\/wp-content\/uploads\/2017\/06\/1-logo-minHFP-e1493286896290.png\u00bb show_in_lightbox=\u00bboff\u00bb url=\u00bbhttp:\/\/ec.europa.eu\/regional_policy\/es\/funding\/erdf\/\u00bb url_new_window=\u00bboff\u00bb use_overlay=\u00bboff\u00bb animation=\u00bbleft\u00bb sticky=\u00bboff\u00bb align=\u00bbleft\u00bb force_fullwidth=\u00bboff\u00bb always_center_on_mobile=\u00bbon\u00bb use_border_color=\u00bboff\u00bb border_color=\u00bb#ffffff\u00bb border_style=\u00bbsolid\u00bb] [\/et_pb_image][\/et_pb_column][\/et_pb_row][\/et_pb_section]<\/p>\n ","protected":false},"excerpt":{"rendered":"<p>La Uni\u00f3n Europea debe afrontar en este nuevo periodo de programaci\u00f3n (2014 \u2013 2020) el dif\u00edcil reto de salir de la crisis y volver a encarrilar sus econom\u00edas por la senda del crecimiento sostenible. Esta estrategia de salida supone el restablecimiento de unas finanzas p\u00fablicas saneadas, reformas estructurales que mejoren el crecimiento, e inversiones espec\u00edficas [&hellip;]<\/p>\n","protected":false},"author":1,"featured_media":0,"parent":0,"menu_order":0,"comment_status":"closed","ping_status":"closed","template":"","meta":{"_et_pb_use_builder":"on","_et_pb_old_content":"","_et_gb_content_width":"","footnotes":""},"class_list":["post-73","page","type-page","status-publish","hentry"],"_links":{"self":[{"href":"http:\/\/ayuntamientodeubeda.com\/fondosfeder\/wp-json\/wp\/v2\/pages\/73"}],"collection":[{"href":"http:\/\/ayuntamientodeubeda.com\/fondosfeder\/wp-json\/wp\/v2\/pages"}],"about":[{"href":"http:\/\/ayuntamientodeubeda.com\/fondosfeder\/wp-json\/wp\/v2\/types\/page"}],"author":[{"embeddable":true,"href":"http:\/\/ayuntamientodeubeda.com\/fondosfeder\/wp-json\/wp\/v2\/users\/1"}],"replies":[{"embeddable":true,"href":"http:\/\/ayuntamientodeubeda.com\/fondosfeder\/wp-json\/wp\/v2\/comments?post=73"}],"version-history":[{"count":5,"href":"http:\/\/ayuntamientodeubeda.com\/fondosfeder\/wp-json\/wp\/v2\/pages\/73\/revisions"}],"predecessor-version":[{"id":166,"href":"http:\/\/ayuntamientodeubeda.com\/fondosfeder\/wp-json\/wp\/v2\/pages\/73\/revisions\/166"}],"wp:attachment":[{"href":"http:\/\/ayuntamientodeubeda.com\/fondosfeder\/wp-json\/wp\/v2\/media?parent=73"}],"curies":[{"name":"wp","href":"https:\/\/api.w.org\/{rel}","templated":true}]}}