{"id":83,"date":"2017-06-20T14:00:21","date_gmt":"2017-06-20T12:00:21","guid":{"rendered":"http:\/\/ayuntamientodeubeda.com\/fondosfeder\/?page_id=83"},"modified":"2018-03-05T15:10:09","modified_gmt":"2018-03-05T13:10:09","slug":"dusi-baeza","status":"publish","type":"page","link":"http:\/\/ayuntamientodeubeda.com\/fondosfeder\/dusi-baeza\/","title":{"rendered":"EDUSI Baeza"},"content":{"rendered":"<p>[et_pb_section admin_label=\u00bbsection\u00bb][et_pb_row admin_label=\u00bbrow\u00bb][et_pb_column type=\u00bb4_4&#8243;][et_pb_slider admin_label=\u00bbDeslizador\u00bb show_arrows=\u00bbon\u00bb show_pagination=\u00bbon\u00bb auto=\u00bbon\u00bb auto_ignore_hover=\u00bboff\u00bb parallax=\u00bboff\u00bb parallax_method=\u00bboff\u00bb remove_inner_shadow=\u00bboff\u00bb background_position=\u00bbdefault\u00bb background_size=\u00bbdefault\u00bb hide_content_on_mobile=\u00bboff\u00bb hide_cta_on_mobile=\u00bboff\u00bb show_image_video_mobile=\u00bboff\u00bb custom_button=\u00bboff\u00bb button_letter_spacing=\u00bb0&#8243; button_use_icon=\u00bbdefault\u00bb button_icon_placement=\u00bbright\u00bb button_on_hover=\u00bbon\u00bb button_letter_spacing_hover=\u00bb0&#8243; auto_speed=\u00bb3000&#8243;] [et_pb_slide background_image=\u00bbhttp:\/\/ayuntamientodeubeda.com\/fondosfeder\/wp-content\/uploads\/2017\/06\/Baeza-media-jornada-09.jpg\u00bb background_position=\u00bbdefault\u00bb background_size=\u00bbdefault\u00bb background_color=\u00bb#ffffff\u00bb use_bg_overlay=\u00bboff\u00bb use_text_overlay=\u00bboff\u00bb alignment=\u00bbcenter\u00bb background_layout=\u00bbdark\u00bb allow_player_pause=\u00bboff\u00bb text_border_radius=\u00bb3&#8243; header_font_select=\u00bbdefault\u00bb header_font=\u00bb||||\u00bb body_font_select=\u00bbdefault\u00bb body_font=\u00bb||||\u00bb custom_button=\u00bboff\u00bb button_font_select=\u00bbdefault\u00bb button_font=\u00bb||||\u00bb button_use_icon=\u00bbdefault\u00bb button_icon_placement=\u00bbright\u00bb button_on_hover=\u00bbon\u00bb] [\/et_pb_slide][et_pb_slide background_image=\u00bbhttp:\/\/ayuntamientodeubeda.com\/fondosfeder\/wp-content\/uploads\/2017\/06\/Baeza.jpg\u00bb background_position=\u00bbdefault\u00bb background_size=\u00bbdefault\u00bb background_color=\u00bb#ffffff\u00bb use_bg_overlay=\u00bboff\u00bb use_text_overlay=\u00bboff\u00bb alignment=\u00bbcenter\u00bb background_layout=\u00bbdark\u00bb allow_player_pause=\u00bboff\u00bb text_border_radius=\u00bb3&#8243; header_font_select=\u00bbdefault\u00bb header_font=\u00bb||||\u00bb body_font_select=\u00bbdefault\u00bb body_font=\u00bb||||\u00bb custom_button=\u00bboff\u00bb button_font_select=\u00bbdefault\u00bb button_font=\u00bb||||\u00bb button_use_icon=\u00bbdefault\u00bb button_icon_placement=\u00bbright\u00bb button_on_hover=\u00bbon\u00bb] [\/et_pb_slide][et_pb_slide background_image=\u00bbhttp:\/\/ayuntamientodeubeda.com\/fondosfeder\/wp-content\/uploads\/2017\/06\/Catedral_de_baeza.jpg\u00bb background_position=\u00bbdefault\u00bb background_size=\u00bbdefault\u00bb background_color=\u00bb#ffffff\u00bb use_bg_overlay=\u00bboff\u00bb use_text_overlay=\u00bboff\u00bb alignment=\u00bbcenter\u00bb background_layout=\u00bbdark\u00bb allow_player_pause=\u00bboff\u00bb text_border_radius=\u00bb3&#8243; header_font_select=\u00bbdefault\u00bb header_font=\u00bb||||\u00bb body_font_select=\u00bbdefault\u00bb body_font=\u00bb||||\u00bb custom_button=\u00bboff\u00bb button_font_select=\u00bbdefault\u00bb button_font=\u00bb||||\u00bb button_use_icon=\u00bbdefault\u00bb button_icon_placement=\u00bbright\u00bb button_on_hover=\u00bbon\u00bb] [\/et_pb_slide] [\/et_pb_slider][\/et_pb_column][\/et_pb_row][\/et_pb_section][et_pb_section admin_label=\u00bbSecci\u00f3n\u00bb transparent_background=\u00bboff\u00bb allow_player_pause=\u00bboff\u00bb inner_shadow=\u00bboff\u00bb parallax=\u00bboff\u00bb parallax_method=\u00bboff\u00bb padding_mobile=\u00bboff\u00bb make_fullwidth=\u00bboff\u00bb use_custom_width=\u00bboff\u00bb width_unit=\u00bbon\u00bb make_equal=\u00bboff\u00bb use_custom_gutter=\u00bboff\u00bb fullwidth=\u00bboff\u00bb specialty=\u00bbon\u00bb parallax_1=\u00bboff\u00bb parallax_2=\u00bboff\u00bb parallax_method_1=\u00bboff\u00bb parallax_method_2=\u00bboff\u00bb disabled=\u00bboff\u00bb][et_pb_column type=\u00bb3_4&#8243; specialty_columns=\u00bb3&#8243;][et_pb_row_inner admin_label=\u00bbrow_inner\u00bb padding_mobile=\u00bboff\u00bb use_custom_gutter=\u00bboff\u00bb make_equal=\u00bboff\u00bb column_padding_mobile=\u00bboff\u00bb parallax_1=\u00bboff\u00bb parallax_method_1=\u00bbon\u00bb parallax_2=\u00bboff\u00bb parallax_method_2=\u00bbon\u00bb parallax_3=\u00bboff\u00bb parallax_method_3=\u00bbon\u00bb disabled=\u00bboff\u00bb][et_pb_column_inner type=\u00bb4_4&#8243; saved_specialty_column_type=\u00bb3_4&#8243;][et_pb_blurb admin_label=\u00bbAnuncio\u00bb title=\u00bbL\u00cdNEAS DE ACTUACI\u00d3N\u00bb url_new_window=\u00bboff\u00bb use_icon=\u00bboff\u00bb icon_color=\u00bb#7EBEC5&#8243; use_circle=\u00bboff\u00bb circle_color=\u00bb#7EBEC5&#8243; use_circle_border=\u00bboff\u00bb circle_border_color=\u00bb#7EBEC5&#8243; icon_placement=\u00bbtop\u00bb animation=\u00bbtop\u00bb background_layout=\u00bblight\u00bb text_orientation=\u00bbleft\u00bb use_icon_font_size=\u00bboff\u00bb icon_font_size=\u00bb96px\u00bb use_border_color=\u00bboff\u00bb border_color=\u00bb#ffffff\u00bb border_width=\u00bb1px\u00bb border_style=\u00bbsolid\u00bb disabled=\u00bboff\u00bb]<br \/>\n[\/et_pb_blurb][et_pb_accordion admin_label=\u00bbAcorde\u00f3n\u00bb use_border_color=\u00bboff\u00bb border_color=\u00bb#ffffff\u00bb border_style=\u00bbsolid\u00bb disabled=\u00bboff\u00bb saved_tabs=\u00bball\u00bb] [et_pb_accordion_item title=\u00bbL\u00cdNEA 1&#8243; open=\u00bbon\u00bb use_border_color=\u00bboff\u00bb border_color=\u00bb#ffffff\u00bb border_width=\u00bb1px\u00bb border_style=\u00bbsolid\u00bb disabled=\u00bboff\u00bb]<\/p>\n<p style=\"text-align: center;\"><strong>Administraci\u00f3n electr\u00f3nica para la mejora del acceso de la ciudadan\u00eda de \u00dabeda y Baeza a su Administraci\u00f3n local por v\u00eda electr\u00f3nica:<\/strong><br \/>\n<strong>Infraestructuras tecnol\u00f3gicas y desarrollo de productos tecnol\u00f3gicos de difusi\u00f3n y promoci\u00f3n de la cultura.<\/strong><br \/>\n<strong>(1.290.598,40 euros).<\/strong><\/p>\n<p>[\/et_pb_accordion_item][et_pb_accordion_item title=\u00bbL\u00cdNEA 2&#8243; open=\u00bboff\u00bb use_border_color=\u00bboff\u00bb border_color=\u00bb#ffffff\u00bb border_width=\u00bb1px\u00bb border_style=\u00bbsolid\u00bb disabled=\u00bboff\u00bb]<\/p>\n<p style=\"text-align: center;\"><strong>TIC para la gesti\u00f3n inteligente de \u00dabeda y Baeza, en particular de los servicios p\u00fablicos municipales y tecnolog\u00edas Smart City puestas al servicio de la ciudadan\u00eda y de la competitividad empresarial.<\/strong><br \/>\n<strong>(503.859,20 euros)<\/strong><\/p>\n<p>[\/et_pb_accordion_item][et_pb_accordion_item title=\u00bbL\u00cdNEA 3&#8243; open=\u00bboff\u00bb use_border_color=\u00bboff\u00bb border_color=\u00bb#ffffff\u00bb border_width=\u00bb1px\u00bb border_style=\u00bbsolid\u00bb disabled=\u00bboff\u00bb]<\/p>\n<p style=\"text-align: center;\"><strong>Fomento de la movilidad urbana multimodal sostenible de \u00dabeda y Baeza a trav\u00e9s de modos de transporte \u2018blandos o dulces\u2019 y de la mejora del transporte p\u00fablico entre los n\u00facleos de poblaci\u00f3n: Red de Movilidad Sostenible.<\/strong><br \/>\n<strong>(1.677.312 euros)<\/strong><\/p>\n<p>[\/et_pb_accordion_item][et_pb_accordion_item title=\u00bbL\u00cdNEA 4&#8243; open=\u00bboff\u00bb use_border_color=\u00bboff\u00bb border_color=\u00bb#ffffff\u00bb border_width=\u00bb1px\u00bb border_style=\u00bbsolid\u00bb disabled=\u00bboff\u00bb]<\/p>\n<p style=\"text-align: center;\"><strong>Mejora de la eficacia energ\u00e9tica en los n\u00facleos urbanos de \u00dabeda y Baeza: Red de espacios y servicios por la M\u00ednima Huella\u00a0 Ecol\u00f3gica.<\/strong><br \/>\n<strong>(1.211.059,20 euros)<\/strong><\/p>\n<p>[\/et_pb_accordion_item][et_pb_accordion_item title=\u00bbL\u00cdNEA 5&#8243; open=\u00bboff\u00bb use_border_color=\u00bboff\u00bb border_color=\u00bb#ffffff\u00bb border_width=\u00bb1px\u00bb border_style=\u00bbsolid\u00bb disabled=\u00bboff\u00bb]<\/p>\n<p style=\"text-align: center;\"><strong>Regeneraci\u00f3n ambiental y urbana de\u00a0<\/strong><strong>\u00dabeda y Baeza:<br \/>\nAdecuaci\u00f3n de recorridos urbanos\u00a0<\/strong><strong>y miradores del Paisaje Cultural de \u00dabeda y\u00a0<\/strong><strong>Baeza.<br \/>\n<\/strong><strong> (1.773.312 euros)<\/strong><\/p>\n<p>[\/et_pb_accordion_item][et_pb_accordion_item title=\u00bbL\u00cdNEA 6&#8243; open=\u00bboff\u00bb use_border_color=\u00bboff\u00bb border_color=\u00bb#ffffff\u00bb border_width=\u00bb1px\u00bb border_style=\u00bbsolid\u00bb disabled=\u00bboff\u00bb]<\/p>\n<p style=\"text-align: center;\"><strong>Conservaci\u00f3n, protecci\u00f3n y desarrollo\u00a0<\/strong><strong>del patrimonio cultural de \u00dabeda y Baeza:<br \/>\n<\/strong><strong>Operaciones de puesta en valor del Paisaje Urbano\u00a0<\/strong><strong>Cultural de \u00dabeda y Baeza.<br \/>\n(1.428.480 euros)<\/strong><\/p>\n<p>[\/et_pb_accordion_item][et_pb_accordion_item title=\u00bbL\u00cdNEA 7&#8243; open=\u00bboff\u00bb use_border_color=\u00bboff\u00bb border_color=\u00bb#ffffff\u00bb border_width=\u00bb1px\u00bb border_style=\u00bbsolid\u00bb disabled=\u00bboff\u00bb]<\/p>\n<p style=\"text-align: center;\"><strong>Regeneraci\u00f3n f\u00edsica, econ\u00f3mica y\u00a0<\/strong><strong>social del entorno urbano de la zona con necesidad\u00a0<\/strong><strong>de transformaci\u00f3n social a trav\u00e9s de\u00a0<\/strong><strong>Estrategias Urbanas Integradas:<br \/>\nRegeneraci\u00f3n\u00a0<\/strong><strong>Urbana de las \u00e1reas con necesidad de transformaci\u00f3n\u00a0<\/strong><strong>urbana y social y revitalizaci\u00f3n de los centros\u00a0<\/strong><strong>hist\u00f3ricos de \u00dabeda y Baeza.<br \/>\n(4.115.379,20\u00a0<\/strong><strong>euros)<\/strong><\/p>\n<p>[\/et_pb_accordion_item][et_pb_accordion_item title=\u00bbL\u00cdNEA 8&#8243;]<\/p>\n<p style=\"text-align: center;\"><strong>Lograr una eficaz implementaci\u00f3n del PO apoyando la actividad de gesti\u00f3n y control y el desarrollo de capacidad en estas \u00e1reas.<br \/>\n(460.000 euros)<\/strong><\/p>\n<p>[\/et_pb_accordion_item][et_pb_accordion_item title=\u00bbL\u00cdNEA 9&#8243;]<\/p>\n<p style=\"text-align: center;\"><strong>Mejorar el sistema de gobernanza y de partenariado potenciando los mecanismos de coordinaci\u00f3n, la evaluaci\u00f3n y la comunicaci\u00f3n entre todos los agentes: administraciones p\u00fablicas, agentes econ\u00f3micos y sociales y sociedad civil.<br \/>\n(40.000 euros)<\/strong><\/p>\n<p>[\/et_pb_accordion_item] [\/et_pb_accordion][et_pb_text admin_label=\u00bbTexto\u00bb background_layout=\u00bblight\u00bb text_orientation=\u00bbleft\u00bb use_border_color=\u00bboff\u00bb border_color=\u00bb#ffffff\u00bb border_style=\u00bbsolid\u00bb]<\/p>\n<p><strong>En este momento, el Ayuntamiento est\u00e1 a la espera de que el Gobierno Central certifique las operaciones de los proyectos\u00a0 presentados. As\u00ed pues, en cuanto se reciba la autorizaci\u00f3n, todos los proyectos ser\u00e1n presentados detalladamente a la ciudadan\u00eda de ambas localidades.<\/strong><\/p>\n<p>[\/et_pb_text][\/et_pb_column_inner][\/et_pb_row_inner][\/et_pb_column][et_pb_column type=\u00bb1_4&#8243;][et_pb_toggle admin_label=\u00bbConmutador\u00bb title=\u00bbAyuntamiento de Baeza\u00bb open=\u00bbon\u00bb use_border_color=\u00bboff\u00bb border_color=\u00bb#ffffff\u00bb border_style=\u00bbsolid\u00bb]<\/p>\n<div class=\"mod\" data-md=\"1002\" data-hveid=\"169\" data-ved=\"0ahUKEwin89Wi_c7UAhWCLhoKHTXmDrUQkCkIqQEoAjAQ\">\n<div class=\"_eFb\">\n<div class=\"_mr kno-fb-ctx\" data-dtype=\"d3adr\" data-ved=\"0ahUKEwin89Wi_c7UAhWCLhoKHTXmDrUQghwIqgEoADAQ\"><span class=\"_xdb\">Direcci\u00f3n: <\/span><span class=\"_Xbe\">Pje. Cardenal Benavides, 10, 23440 Baeza, Ja\u00e9n<\/span><\/div>\n<\/div>\n<\/div>\n<div class=\"mod\" data-md=\"1006\" data-hveid=\"171\" data-ved=\"0ahUKEwin89Wi_c7UAhWCLhoKHTXmDrUQkCkIqwEoAzAR\">\n<div class=\"_eFb\">\n<div class=\"_mr kno-fb-ctx\" data-dtype=\"d3ph\" data-ved=\"0ahUKEwin89Wi_c7UAhWCLhoKHTXmDrUQ8I0BCKwBKAAwEQ\"><span class=\"_Xbe kno-fv\"><span class=\"_RCm\">Tel\u00e9fono: \u00a0<\/span><a class=\"fl r-iWRfPqJtIrwk\" title=\"Llamar a trav\u00e9s de Hangouts\" data-number=\"+34953740150\" data-pstn-out-call-url=\"\" data-rtid=\"iWRfPqJtIrwk\" data-ved=\"0ahUKEwin89Wi_c7UAhWCLhoKHTXmDrUQkAgIrQEoADAR\">953 74 01 50<\/a><\/span><\/div>\n<div class=\"_mr kno-fb-ctx\" data-dtype=\"d3ph\" data-ved=\"0ahUKEwin89Wi_c7UAhWCLhoKHTXmDrUQ8I0BCKwBKAAwEQ\">web: www.baeza.es<\/div>\n<div class=\"_mr kno-fb-ctx\" data-dtype=\"d3ph\" data-ved=\"0ahUKEwin89Wi_c7UAhWCLhoKHTXmDrUQ8I0BCKwBKAAwEQ\"><\/div>\n<\/div>\n<\/div>\n<p>[\/et_pb_toggle][\/et_pb_column][\/et_pb_section][et_pb_section admin_label=\u00bbsection\u00bb global_module=\u00bb163&#8243; transparent_background=\u00bboff\u00bb allow_player_pause=\u00bboff\u00bb inner_shadow=\u00bboff\u00bb parallax=\u00bboff\u00bb parallax_method=\u00bboff\u00bb padding_mobile=\u00bboff\u00bb make_fullwidth=\u00bboff\u00bb use_custom_width=\u00bboff\u00bb width_unit=\u00bbon\u00bb make_equal=\u00bboff\u00bb use_custom_gutter=\u00bboff\u00bb][et_pb_row global_parent=\u00bb163&#8243; admin_label=\u00bbrow\u00bb][et_pb_column type=\u00bb1_3&#8243;][et_pb_image global_parent=\u00bb163&#8243; admin_label=\u00bbImagen\u00bb src=\u00bbhttp:\/\/ayuntamientodeubeda.com\/fondosfeder\/wp-content\/uploads\/2017\/06\/UE.png\u00bb show_in_lightbox=\u00bboff\u00bb url=\u00bbhttps:\/\/europa.eu\/european-union\/index_es\u00bb url_new_window=\u00bbon\u00bb use_overlay=\u00bboff\u00bb animation=\u00bbfade_in\u00bb sticky=\u00bboff\u00bb align=\u00bbcenter\u00bb force_fullwidth=\u00bboff\u00bb always_center_on_mobile=\u00bbon\u00bb use_border_color=\u00bboff\u00bb border_color=\u00bb#ffffff\u00bb border_style=\u00bbsolid\u00bb] [\/et_pb_image][\/et_pb_column][et_pb_column type=\u00bb1_3&#8243;][et_pb_image global_parent=\u00bb163&#8243; admin_label=\u00bbImagen\u00bb src=\u00bbhttp:\/\/ayuntamientodeubeda.com\/fondosfeder\/wp-content\/uploads\/2017\/06\/FONDO-EUROPEO-Una-manera.png\u00bb show_in_lightbox=\u00bboff\u00bb url=\u00bbhttp:\/\/ec.europa.eu\/regional_policy\/es\/funding\/erdf\/\u00bb url_new_window=\u00bboff\u00bb use_overlay=\u00bboff\u00bb animation=\u00bbleft\u00bb sticky=\u00bboff\u00bb align=\u00bbcenter\u00bb force_fullwidth=\u00bboff\u00bb always_center_on_mobile=\u00bbon\u00bb use_border_color=\u00bboff\u00bb border_color=\u00bb#ffffff\u00bb border_style=\u00bbsolid\u00bb] [\/et_pb_image][\/et_pb_column][et_pb_column type=\u00bb1_3&#8243;][et_pb_image global_parent=\u00bb163&#8243; admin_label=\u00bbImagen\u00bb src=\u00bbhttp:\/\/ayuntamientodeubeda.com\/fondosfeder\/wp-content\/uploads\/2017\/06\/1-logo-minHFP-e1493286896290.png\u00bb show_in_lightbox=\u00bboff\u00bb url=\u00bbhttp:\/\/ec.europa.eu\/regional_policy\/es\/funding\/erdf\/\u00bb url_new_window=\u00bboff\u00bb use_overlay=\u00bboff\u00bb animation=\u00bbleft\u00bb sticky=\u00bboff\u00bb align=\u00bbleft\u00bb force_fullwidth=\u00bboff\u00bb always_center_on_mobile=\u00bbon\u00bb use_border_color=\u00bboff\u00bb border_color=\u00bb#ffffff\u00bb border_style=\u00bbsolid\u00bb] [\/et_pb_image][\/et_pb_column][\/et_pb_row][\/et_pb_section]<\/p>\n ","protected":false},"excerpt":{"rendered":"<p>Administraci\u00f3n electr\u00f3nica para la mejora del acceso de la ciudadan\u00eda de \u00dabeda y Baeza a su Administraci\u00f3n local por v\u00eda electr\u00f3nica: Infraestructuras tecnol\u00f3gicas y desarrollo de productos tecnol\u00f3gicos de difusi\u00f3n y promoci\u00f3n de la cultura. (1.290.598,40 euros). TIC para la gesti\u00f3n inteligente de \u00dabeda y Baeza, en particular de los servicios p\u00fablicos municipales y tecnolog\u00edas [&hellip;]<\/p>\n","protected":false},"author":1,"featured_media":0,"parent":0,"menu_order":0,"comment_status":"closed","ping_status":"closed","template":"","meta":{"_et_pb_use_builder":"on","_et_pb_old_content":"","_et_gb_content_width":"","footnotes":""},"class_list":["post-83","page","type-page","status-publish","hentry"],"_links":{"self":[{"href":"http:\/\/ayuntamientodeubeda.com\/fondosfeder\/wp-json\/wp\/v2\/pages\/83"}],"collection":[{"href":"http:\/\/ayuntamientodeubeda.com\/fondosfeder\/wp-json\/wp\/v2\/pages"}],"about":[{"href":"http:\/\/ayuntamientodeubeda.com\/fondosfeder\/wp-json\/wp\/v2\/types\/page"}],"author":[{"embeddable":true,"href":"http:\/\/ayuntamientodeubeda.com\/fondosfeder\/wp-json\/wp\/v2\/users\/1"}],"replies":[{"embeddable":true,"href":"http:\/\/ayuntamientodeubeda.com\/fondosfeder\/wp-json\/wp\/v2\/comments?post=83"}],"version-history":[{"count":14,"href":"http:\/\/ayuntamientodeubeda.com\/fondosfeder\/wp-json\/wp\/v2\/pages\/83\/revisions"}],"predecessor-version":[{"id":287,"href":"http:\/\/ayuntamientodeubeda.com\/fondosfeder\/wp-json\/wp\/v2\/pages\/83\/revisions\/287"}],"wp:attachment":[{"href":"http:\/\/ayuntamientodeubeda.com\/fondosfeder\/wp-json\/wp\/v2\/media?parent=83"}],"curies":[{"name":"wp","href":"https:\/\/api.w.org\/{rel}","templated":true}]}}